{"id":2041,"date":"2023-09-18T07:33:51","date_gmt":"2023-09-18T07:33:51","guid":{"rendered":"https:\/\/e-mindful.eu\/?page_id=2041"},"modified":"2023-10-20T07:49:34","modified_gmt":"2023-10-20T07:49:34","slug":"podcasts","status":"publish","type":"page","link":"https:\/\/e-mindful.eu\/?page_id=2041","title":{"rendered":"Podcasts"},"content":{"rendered":"\n<p><a href=\"https:\/\/e-mindful.eu\/?p=2152\"><strong>Migration Talks \u2013 E-Mindful podcast, episode 7<\/strong><\/a><\/p>\n\n\n\n<div class=\"wp-block-media-text is-stacked-on-mobile is-vertically-aligned-top\"><figure class=\"wp-block-media-text__media\"><a href=\"https:\/\/e-mindful.eu\/?p=1810\"><img loading=\"lazy\" decoding=\"async\" width=\"1024\" height=\"1024\" src=\"http:\/\/e-mindful.eu\/wp-content\/uploads\/2023\/10\/Copy-of-E-Mindful-Podcast-Cards-6-1024x1024.png\" alt=\"\" class=\"wp-image-2159 size-large\" srcset=\"https:\/\/e-mindful.eu\/wp-content\/uploads\/2023\/10\/Copy-of-E-Mindful-Podcast-Cards-6-1024x1024.png 1024w, https:\/\/e-mindful.eu\/wp-content\/uploads\/2023\/10\/Copy-of-E-Mindful-Podcast-Cards-6-300x300.png 300w, https:\/\/e-mindful.eu\/wp-content\/uploads\/2023\/10\/Copy-of-E-Mindful-Podcast-Cards-6-150x150.png 150w, https:\/\/e-mindful.eu\/wp-content\/uploads\/2023\/10\/Copy-of-E-Mindful-Podcast-Cards-6-768x768.png 768w, https:\/\/e-mindful.eu\/wp-content\/uploads\/2023\/10\/Copy-of-E-Mindful-Podcast-Cards-6.png 1080w\" sizes=\"auto, (max-width: 1024px) 100vw, 1024px\" \/><\/a><\/figure><div class=\"wp-block-media-text__content\">\n<p><strong>Aida \u0160unje Had\u017eovi\u0107 in conversation with Dudas Zsolt<\/strong><br><br>Dudas Zsolt worked with International Labour Organization on prevention of labour exploitation of people fleeing the war in Ukraine. Learn more <a href=\"https:\/\/e-mindful.eu\/?p=2152\">here<\/a>.<\/p>\n<\/div><\/div>\n\n\n\n<p><strong><a href=\"https:\/\/e-mindful.eu\/?p=1810\">Migration Talks \u2013 E-Mindful podcast, episode 6<\/a><\/strong><\/p>\n\n\n\n<div class=\"wp-block-media-text is-stacked-on-mobile is-vertically-aligned-top\"><figure class=\"wp-block-media-text__media\"><a href=\"https:\/\/e-mindful.eu\/?p=1810\"><img loading=\"lazy\" decoding=\"async\" width=\"1024\" height=\"1024\" src=\"https:\/\/e-mindful.eu\/wp-content\/uploads\/2023\/09\/Ankica-1-1024x1024.png\" alt=\"\" class=\"wp-image-2042 size-large\" srcset=\"https:\/\/e-mindful.eu\/wp-content\/uploads\/2023\/09\/Ankica-1-1024x1024.png 1024w, https:\/\/e-mindful.eu\/wp-content\/uploads\/2023\/09\/Ankica-1-300x300.png 300w, https:\/\/e-mindful.eu\/wp-content\/uploads\/2023\/09\/Ankica-1-150x150.png 150w, https:\/\/e-mindful.eu\/wp-content\/uploads\/2023\/09\/Ankica-1-768x768.png 768w, https:\/\/e-mindful.eu\/wp-content\/uploads\/2023\/09\/Ankica-1.png 1080w\" sizes=\"auto, (max-width: 1024px) 100vw, 1024px\" \/><\/a><\/figure><div class=\"wp-block-media-text__content\">\n<p><strong>Natasha Mecharoska Simjanoska in conversation with Dr. Ankica Tomic<\/strong><br><br>Dr. Tomi\u0107 has worked at the Migration Asylum Refugee Regional Initiative Regional Centre in Skopje, North Macedonia, since 2020. She holds a Ph.D. degree in defence and security studies. Learn more <a href=\"https:\/\/e-mindful.eu\/?p=1810\">here<\/a>.<\/p>\n<\/div><\/div>\n\n\n\n<p><strong><a href=\"https:\/\/e-mindful.eu\/?p=2092\">Migration Talks \u2013 E-Mindful podcast, episode 5<\/a> <\/strong><\/p>\n\n\n\n<div class=\"wp-block-media-text is-stacked-on-mobile\"><figure class=\"wp-block-media-text__media\"><a href=\"https:\/\/e-mindful.eu\/?p=2092\"><img loading=\"lazy\" decoding=\"async\" width=\"1024\" height=\"1024\" src=\"https:\/\/e-mindful.eu\/wp-content\/uploads\/2023\/09\/Copy-of-E-Mindful-Podcast-Cards-1024x1024.png\" alt=\"\" class=\"wp-image-2043 size-full\" srcset=\"https:\/\/e-mindful.eu\/wp-content\/uploads\/2023\/09\/Copy-of-E-Mindful-Podcast-Cards-1024x1024.png 1024w, https:\/\/e-mindful.eu\/wp-content\/uploads\/2023\/09\/Copy-of-E-Mindful-Podcast-Cards-300x300.png 300w, https:\/\/e-mindful.eu\/wp-content\/uploads\/2023\/09\/Copy-of-E-Mindful-Podcast-Cards-150x150.png 150w, https:\/\/e-mindful.eu\/wp-content\/uploads\/2023\/09\/Copy-of-E-Mindful-Podcast-Cards-768x768.png 768w, https:\/\/e-mindful.eu\/wp-content\/uploads\/2023\/09\/Copy-of-E-Mindful-Podcast-Cards.png 1080w\" sizes=\"auto, (max-width: 1024px) 100vw, 1024px\" \/><\/a><\/figure><div class=\"wp-block-media-text__content\">\n<p><strong>Natasha Mecharoska Simjanoska in conversation with Robert Atanasovski<\/strong><\/p>\n\n\n\n<p>Robert Atanasovski is prominent photographer from North Macedonia, who is known for his portraits of people travelling on migrants&#8217; route. Learn more <a href=\"https:\/\/e-mindful.eu\/?p=2092\">here<\/a>.<\/p>\n<\/div><\/div>\n\n\n\n<p><\/p>\n\n\n\n<p><strong><a href=\"https:\/\/e-mindful.eu\/?p=1525\">Migration Talks \u2013 E-Mindful podcast, episode 4<\/a><\/strong><\/p>\n\n\n\n<div class=\"wp-block-media-text is-stacked-on-mobile\"><figure class=\"wp-block-media-text__media\"><a href=\"https:\/\/e-mindful.eu\/?p=1525\"><img loading=\"lazy\" decoding=\"async\" width=\"1024\" height=\"1024\" src=\"https:\/\/e-mindful.eu\/wp-content\/uploads\/2023\/09\/Copy-of-E-Mindful-Podcast-Cards-4-1024x1024.png\" alt=\"\" class=\"wp-image-2052 size-full\" srcset=\"https:\/\/e-mindful.eu\/wp-content\/uploads\/2023\/09\/Copy-of-E-Mindful-Podcast-Cards-4-1024x1024.png 1024w, https:\/\/e-mindful.eu\/wp-content\/uploads\/2023\/09\/Copy-of-E-Mindful-Podcast-Cards-4-300x300.png 300w, https:\/\/e-mindful.eu\/wp-content\/uploads\/2023\/09\/Copy-of-E-Mindful-Podcast-Cards-4-150x150.png 150w, https:\/\/e-mindful.eu\/wp-content\/uploads\/2023\/09\/Copy-of-E-Mindful-Podcast-Cards-4-768x768.png 768w, https:\/\/e-mindful.eu\/wp-content\/uploads\/2023\/09\/Copy-of-E-Mindful-Podcast-Cards-4.png 1080w\" sizes=\"auto, (max-width: 1024px) 100vw, 1024px\" \/><\/a><\/figure><div class=\"wp-block-media-text__content\">\n<p><strong>Teresa Albano in conversation with Chris Richmond N&#8217;zi<\/strong><\/p>\n\n\n\n<p>Chris Richmond N\u2019zi is the founder and CEO of Mygrants, the most widely used educational app for refugees and asylum seekers in Italy. Learn more <a href=\"https:\/\/e-mindful.eu\/?p=1525\">here<\/a>.<\/p>\n<\/div><\/div>\n\n\n\n<p><\/p>\n\n\n\n<p><strong><a href=\"https:\/\/e-mindful.eu\/?p=1207\">Migration Talks \u2013 E-Mindful podcast, episode 3<\/a><\/strong><\/p>\n\n\n\n<div class=\"wp-block-media-text is-stacked-on-mobile\"><figure class=\"wp-block-media-text__media\"><a href=\"https:\/\/e-mindful.eu\/?p=1207\"><img loading=\"lazy\" decoding=\"async\" width=\"1024\" height=\"1024\" src=\"https:\/\/e-mindful.eu\/wp-content\/uploads\/2023\/09\/Copy-of-E-Mindful-Podcast-Cards-3-1024x1024.png\" alt=\"\" class=\"wp-image-2051 size-full\" srcset=\"https:\/\/e-mindful.eu\/wp-content\/uploads\/2023\/09\/Copy-of-E-Mindful-Podcast-Cards-3-1024x1024.png 1024w, https:\/\/e-mindful.eu\/wp-content\/uploads\/2023\/09\/Copy-of-E-Mindful-Podcast-Cards-3-300x300.png 300w, https:\/\/e-mindful.eu\/wp-content\/uploads\/2023\/09\/Copy-of-E-Mindful-Podcast-Cards-3-150x150.png 150w, https:\/\/e-mindful.eu\/wp-content\/uploads\/2023\/09\/Copy-of-E-Mindful-Podcast-Cards-3-768x768.png 768w, https:\/\/e-mindful.eu\/wp-content\/uploads\/2023\/09\/Copy-of-E-Mindful-Podcast-Cards-3.png 1080w\" sizes=\"auto, (max-width: 1024px) 100vw, 1024px\" \/><\/a><\/figure><div class=\"wp-block-media-text__content\">\n<p><strong>Aida \u0160unje Had\u017eovi\u0107 in conversation with Tatjana<\/strong> <strong>\u0110or\u0111evi\u0107<\/strong><\/p>\n\n\n\n<p>Tatjana \u0110or\u0111evi\u0107 is journalist and president of the Association of foreign journalists in Milano, Italy.&nbsp;Learn more <a href=\"https:\/\/e-mindful.eu\/?p=1207\">here<\/a>.<\/p>\n<\/div><\/div>\n\n\n\n<p><\/p>\n\n\n\n<p><strong><a href=\"https:\/\/e-mindful.eu\/?p=921\">Migration Talks \u2013 E-Mindful podcast, episode 2<\/a><\/strong><\/p>\n\n\n\n<div class=\"wp-block-media-text is-stacked-on-mobile\"><figure class=\"wp-block-media-text__media\"><a href=\"https:\/\/e-mindful.eu\/?p=921\"><img loading=\"lazy\" decoding=\"async\" width=\"1024\" height=\"1024\" src=\"https:\/\/e-mindful.eu\/wp-content\/uploads\/2023\/09\/Copy-of-E-Mindful-Podcast-Cards-2-1024x1024.png\" alt=\"\" class=\"wp-image-2050 size-full\" srcset=\"https:\/\/e-mindful.eu\/wp-content\/uploads\/2023\/09\/Copy-of-E-Mindful-Podcast-Cards-2-1024x1024.png 1024w, https:\/\/e-mindful.eu\/wp-content\/uploads\/2023\/09\/Copy-of-E-Mindful-Podcast-Cards-2-300x300.png 300w, https:\/\/e-mindful.eu\/wp-content\/uploads\/2023\/09\/Copy-of-E-Mindful-Podcast-Cards-2-150x150.png 150w, https:\/\/e-mindful.eu\/wp-content\/uploads\/2023\/09\/Copy-of-E-Mindful-Podcast-Cards-2-768x768.png 768w, https:\/\/e-mindful.eu\/wp-content\/uploads\/2023\/09\/Copy-of-E-Mindful-Podcast-Cards-2.png 1080w\" sizes=\"auto, (max-width: 1024px) 100vw, 1024px\" \/><\/a><\/figure><div class=\"wp-block-media-text__content\">\n<p><strong>Aida \u0160unje Had\u017eovi\u0107 in conversation with Vladimir Cuci\u0107<\/strong><\/p>\n\n\n\n<p>Vladimir Cuci\u0107 is former Commissioner for Refugees and Migration of the Republic of Serbia. Learn more <a href=\"https:\/\/e-mindful.eu\/?p=921\">here<\/a>.<\/p>\n<\/div><\/div>\n\n\n\n<p><\/p>\n\n\n\n<p><strong><a href=\"https:\/\/e-mindful.eu\/?p=632\">Migration Talks \u2013 E-Mindful podcast, episode 1<\/a><\/strong><\/p>\n\n\n\n<div class=\"wp-block-group\"><div class=\"wp-block-group__inner-container is-layout-constrained wp-block-group-is-layout-constrained\">\n<div class=\"wp-block-media-text is-stacked-on-mobile\"><figure class=\"wp-block-media-text__media\"><a href=\"https:\/\/e-mindful.eu\/?p=632\"><img loading=\"lazy\" decoding=\"async\" width=\"1024\" height=\"1024\" src=\"https:\/\/e-mindful.eu\/wp-content\/uploads\/2023\/09\/Copy-of-E-Mindful-Podcast-Cards-1-1024x1024.png\" alt=\"\" class=\"wp-image-2049 size-full\" srcset=\"https:\/\/e-mindful.eu\/wp-content\/uploads\/2023\/09\/Copy-of-E-Mindful-Podcast-Cards-1-1024x1024.png 1024w, https:\/\/e-mindful.eu\/wp-content\/uploads\/2023\/09\/Copy-of-E-Mindful-Podcast-Cards-1-300x300.png 300w, https:\/\/e-mindful.eu\/wp-content\/uploads\/2023\/09\/Copy-of-E-Mindful-Podcast-Cards-1-150x150.png 150w, https:\/\/e-mindful.eu\/wp-content\/uploads\/2023\/09\/Copy-of-E-Mindful-Podcast-Cards-1-768x768.png 768w, https:\/\/e-mindful.eu\/wp-content\/uploads\/2023\/09\/Copy-of-E-Mindful-Podcast-Cards-1.png 1080w\" sizes=\"auto, (max-width: 1024px) 100vw, 1024px\" \/><\/a><\/figure><div class=\"wp-block-media-text__content\">\n<p><strong>Teresa Albano in conversation with Natalia Banulescu-Bogdan<\/strong><\/p>\n\n\n\n<p>Natalia Banulescu-Bogdan is Deputy Director of Migration Policy Institute&#8217;s International Program, where she oversees the Institute\u2019s comparative work on social cohesion, migration and development, global governance, and climate. Learn more <a href=\"https:\/\/e-mindful.eu\/?p=632\">here<\/a>.<\/p>\n<\/div><\/div>\n<\/div><\/div>\n","protected":false},"excerpt":{"rendered":"<p>Migration Talks \u2013 E-Mindful podcast, episode 7 Aida \u0160unje Had\u017eovi\u0107 in conversation with Dudas Zsolt Dudas Zsolt worked with International [&hellip;]<\/p>\n","protected":false},"author":14,"featured_media":0,"parent":0,"menu_order":0,"comment_status":"closed","ping_status":"closed","template":"","meta":{"footnotes":""},"class_list":["post-2041","page","type-page","status-publish","hentry"],"yoast_head":"<!-- This site is optimized with the Yoast SEO plugin v19.0 - https:\/\/yoast.com\/wordpress\/plugins\/seo\/ -->\n<title>Podcasts - E-MINDFUL<\/title>\n<meta name=\"robots\" content=\"index, follow, max-snippet:-1, max-image-preview:large, max-video-preview:-1\" \/>\n<link rel=\"canonical\" href=\"https:\/\/e-mindful.eu\/?page_id=2041\" \/>\n<meta property=\"og:locale\" content=\"en_US\" \/>\n<meta property=\"og:type\" content=\"article\" \/>\n<meta property=\"og:title\" content=\"Podcasts - E-MINDFUL\" \/>\n<meta property=\"og:description\" content=\"Migration Talks \u2013 E-Mindful podcast, episode 7 Aida \u0160unje Had\u017eovi\u0107 in conversation with Dudas Zsolt Dudas Zsolt worked with International [&hellip;]\" \/>\n<meta property=\"og:url\" content=\"https:\/\/e-mindful.eu\/?page_id=2041\" \/>\n<meta property=\"og:site_name\" content=\"E-MINDFUL\" \/>\n<meta property=\"article:modified_time\" content=\"2023-10-20T07:49:34+00:00\" \/>\n<meta property=\"og:image\" content=\"http:\/\/e-mindful.eu\/wp-content\/uploads\/2023\/10\/Copy-of-E-Mindful-Podcast-Cards-6-1024x1024.png\" \/>\n<meta name=\"twitter:card\" content=\"summary_large_image\" \/>\n<meta name=\"twitter:label1\" content=\"Est. reading time\" \/>\n\t<meta name=\"twitter:data1\" content=\"1 minute\" \/>\n<script type=\"application\/ld+json\" class=\"yoast-schema-graph\">{\"@context\":\"https:\/\/schema.org\",\"@graph\":[{\"@type\":\"WebSite\",\"@id\":\"https:\/\/e-mindful.eu\/#website\",\"url\":\"https:\/\/e-mindful.eu\/\",\"name\":\"E-MINDFUL\",\"description\":\"Enhancing European Migration Narrative to Develop Further Union\u2019s Long-term actions\",\"potentialAction\":[{\"@type\":\"SearchAction\",\"target\":{\"@type\":\"EntryPoint\",\"urlTemplate\":\"https:\/\/e-mindful.eu\/?s={search_term_string}\"},\"query-input\":\"required name=search_term_string\"}],\"inLanguage\":\"en-US\"},{\"@type\":\"ImageObject\",\"inLanguage\":\"en-US\",\"@id\":\"https:\/\/e-mindful.eu\/?page_id=2041#primaryimage\",\"url\":\"https:\/\/e-mindful.eu\/wp-content\/uploads\/2023\/10\/Copy-of-E-Mindful-Podcast-Cards-6.png\",\"contentUrl\":\"https:\/\/e-mindful.eu\/wp-content\/uploads\/2023\/10\/Copy-of-E-Mindful-Podcast-Cards-6.png\",\"width\":1080,\"height\":1080},{\"@type\":\"WebPage\",\"@id\":\"https:\/\/e-mindful.eu\/?page_id=2041#webpage\",\"url\":\"https:\/\/e-mindful.eu\/?page_id=2041\",\"name\":\"Podcasts - E-MINDFUL\",\"isPartOf\":{\"@id\":\"https:\/\/e-mindful.eu\/#website\"},\"primaryImageOfPage\":{\"@id\":\"https:\/\/e-mindful.eu\/?page_id=2041#primaryimage\"},\"datePublished\":\"2023-09-18T07:33:51+00:00\",\"dateModified\":\"2023-10-20T07:49:34+00:00\",\"breadcrumb\":{\"@id\":\"https:\/\/e-mindful.eu\/?page_id=2041#breadcrumb\"},\"inLanguage\":\"en-US\",\"potentialAction\":[{\"@type\":\"ReadAction\",\"target\":[\"https:\/\/e-mindful.eu\/?page_id=2041\"]}]},{\"@type\":\"BreadcrumbList\",\"@id\":\"https:\/\/e-mindful.eu\/?page_id=2041#breadcrumb\",\"itemListElement\":[{\"@type\":\"ListItem\",\"position\":1,\"name\":\"Home\",\"item\":\"https:\/\/e-mindful.eu\/\"},{\"@type\":\"ListItem\",\"position\":2,\"name\":\"Podcasts\"}]}]}<\/script>\n<!-- \/ Yoast SEO plugin. -->","yoast_head_json":{"title":"Podcasts - E-MINDFUL","robots":{"index":"index","follow":"follow","max-snippet":"max-snippet:-1","max-image-preview":"max-image-preview:large","max-video-preview":"max-video-preview:-1"},"canonical":"https:\/\/e-mindful.eu\/?page_id=2041","og_locale":"en_US","og_type":"article","og_title":"Podcasts - E-MINDFUL","og_description":"Migration Talks \u2013 E-Mindful podcast, episode 7 Aida \u0160unje Had\u017eovi\u0107 in conversation with Dudas Zsolt Dudas Zsolt worked with International [&hellip;]","og_url":"https:\/\/e-mindful.eu\/?page_id=2041","og_site_name":"E-MINDFUL","article_modified_time":"2023-10-20T07:49:34+00:00","og_image":[{"url":"http:\/\/e-mindful.eu\/wp-content\/uploads\/2023\/10\/Copy-of-E-Mindful-Podcast-Cards-6-1024x1024.png"}],"twitter_card":"summary_large_image","twitter_misc":{"Est. reading time":"1 minute"},"schema":{"@context":"https:\/\/schema.org","@graph":[{"@type":"WebSite","@id":"https:\/\/e-mindful.eu\/#website","url":"https:\/\/e-mindful.eu\/","name":"E-MINDFUL","description":"Enhancing European Migration Narrative to Develop Further Union\u2019s Long-term actions","potentialAction":[{"@type":"SearchAction","target":{"@type":"EntryPoint","urlTemplate":"https:\/\/e-mindful.eu\/?s={search_term_string}"},"query-input":"required name=search_term_string"}],"inLanguage":"en-US"},{"@type":"ImageObject","inLanguage":"en-US","@id":"https:\/\/e-mindful.eu\/?page_id=2041#primaryimage","url":"https:\/\/e-mindful.eu\/wp-content\/uploads\/2023\/10\/Copy-of-E-Mindful-Podcast-Cards-6.png","contentUrl":"https:\/\/e-mindful.eu\/wp-content\/uploads\/2023\/10\/Copy-of-E-Mindful-Podcast-Cards-6.png","width":1080,"height":1080},{"@type":"WebPage","@id":"https:\/\/e-mindful.eu\/?page_id=2041#webpage","url":"https:\/\/e-mindful.eu\/?page_id=2041","name":"Podcasts - E-MINDFUL","isPartOf":{"@id":"https:\/\/e-mindful.eu\/#website"},"primaryImageOfPage":{"@id":"https:\/\/e-mindful.eu\/?page_id=2041#primaryimage"},"datePublished":"2023-09-18T07:33:51+00:00","dateModified":"2023-10-20T07:49:34+00:00","breadcrumb":{"@id":"https:\/\/e-mindful.eu\/?page_id=2041#breadcrumb"},"inLanguage":"en-US","potentialAction":[{"@type":"ReadAction","target":["https:\/\/e-mindful.eu\/?page_id=2041"]}]},{"@type":"BreadcrumbList","@id":"https:\/\/e-mindful.eu\/?page_id=2041#breadcrumb","itemListElement":[{"@type":"ListItem","position":1,"name":"Home","item":"https:\/\/e-mindful.eu\/"},{"@type":"ListItem","position":2,"name":"Podcasts"}]}]}},"_links":{"self":[{"href":"https:\/\/e-mindful.eu\/index.php?rest_route=\/wp\/v2\/pages\/2041","targetHints":{"allow":["GET"]}}],"collection":[{"href":"https:\/\/e-mindful.eu\/index.php?rest_route=\/wp\/v2\/pages"}],"about":[{"href":"https:\/\/e-mindful.eu\/index.php?rest_route=\/wp\/v2\/types\/page"}],"author":[{"embeddable":true,"href":"https:\/\/e-mindful.eu\/index.php?rest_route=\/wp\/v2\/users\/14"}],"replies":[{"embeddable":true,"href":"https:\/\/e-mindful.eu\/index.php?rest_route=%2Fwp%2Fv2%2Fcomments&post=2041"}],"version-history":[{"count":12,"href":"https:\/\/e-mindful.eu\/index.php?rest_route=\/wp\/v2\/pages\/2041\/revisions"}],"predecessor-version":[{"id":2160,"href":"https:\/\/e-mindful.eu\/index.php?rest_route=\/wp\/v2\/pages\/2041\/revisions\/2160"}],"wp:attachment":[{"href":"https:\/\/e-mindful.eu\/index.php?rest_route=%2Fwp%2Fv2%2Fmedia&parent=2041"}],"curies":[{"name":"wp","href":"https:\/\/api.w.org\/{rel}","templated":true}]}}